{"id":261,"date":"2020-05-09T11:20:11","date_gmt":"2020-05-09T09:20:11","guid":{"rendered":"https:\/\/dev.sme-groupe.com\/?page_id=261"},"modified":"2021-11-16T16:43:23","modified_gmt":"2021-11-16T15:43:23","slug":"qui-sommes-nous","status":"publish","type":"page","link":"https:\/\/sme-groupe.com\/en\/qui-sommes-nous\/","title":{"rendered":"Qui sommes-nous ?"},"content":{"rendered":"<p>[vc_row css=\u00a0\u00bb.vc_custom_1589018035432{margin-bottom: 50px !important;}\u00a0\u00bb el_class=\u00a0\u00bbligne-titre-propos\u00a0\u00bb][vc_column][dt_fancy_title title=\u00a0\u00bbQui sommes-nous ?\u00a0\u00bb title_size=\u00a0\u00bbh2&Prime; title_color=\u00a0\u00bbcustom\u00a0\u00bb separator_color=\u00a0\u00bbcustom\u00a0\u00bb custom_separator_color=\u00a0\u00bbrgba(188,83,142,0.38)\u00a0\u00bb custom_title_color=\u00a0\u00bb#676767&Prime;][\/vc_column][\/vc_row][vc_row][vc_column][vc_column_text el_class=\u00a0\u00bbintroduction-propos\u00a0\u00bb]SME est une agence sp\u00e9cialis\u00e9e dans la promotion et l\u2019accompagnement commercial de produits h\u00f4teliers et touristiques.[\/vc_column_text][vc_column_text el_class=\u00a0\u00bbcolonne-texte\u00a0\u00bb]Doroth\u00e9e Delavallade a cr\u00e9\u00e9 SME \u00e0 25 ans en 1997 : le tourisme est son domaine, l\u2019h\u00f4tellerie sa sp\u00e9cialit\u00e9. Lors de leurs diff\u00e9rentes missions elle et son \u00e9quipe accompagnent leurs clients (h\u00f4tels ind\u00e9pendants, h\u00f4tels de chaines, maisons d\u2019h\u00f4tes mais aussi r\u00e9ceptifs, institutions) dans <strong>leur promotion, leur commercialisation en BtoB et BtoC<\/strong>.<br \/>\nTout le long de ces ann\u00e9es d\u2019activit\u00e9s, nous avons construit <strong>un r\u00e9seau avec les professionnels (20000 contacts)<\/strong> et connaissons parfaitement les acteurs du tourisme et de l\u2019h\u00f4tellerie avec qui nous travaillons tous les jours ; offices de tourisme, compagnies a\u00e9riennes, r\u00e9seaux de distribution, tour-op\u00e9rateurs, OTA, agences de voyages, logiciels h\u00f4teliers : Nous participons \u00e0 la politique commerciale de nos clients, nous travaillons en \u00e9troite collaboration avec leurs \u00e9quipes.<br \/>\nNous avons aussi cr\u00e9\u00e9 depuis quelques ann\u00e9es <strong>un r\u00e9seau de clients directs<\/strong> qui suivent nos clients et nos pr\u00e9conisations.[\/vc_column_text][\/vc_column][\/vc_row][vc_row css=\u00a0\u00bb.vc_custom_1589209375547{margin-top: 50px !important;margin-bottom: 70px !important;}\u00a0\u00bb][vc_column][vc_column_text el_class=\u00a0\u00bben-avant-texte\u00a0\u00bb][dt_highlight color=\u00a0\u00bb\u00a0\u00bb text_color=\u00a0\u00bb\u00a0\u00bb bg_color=\u00a0\u00bb\u00a0\u00bb]Notre agence vous accompagne dans vos projets de d\u00e9veloppement commercial et promotionnel[\/dt_highlight][\/vc_column_text][\/vc_column][\/vc_row][vc_row full_width=\u00a0\u00bbstretch_row\u00a0\u00bb bg_type=\u00a0\u00bbbg_color\u00a0\u00bb seperator_enable=\u00a0\u00bbseperator_enable_value\u00a0\u00bb seperator_type=\u00a0\u00bbcircle_svg_seperator\u00a0\u00bb seperator_position=\u00a0\u00bbtop_bottom_seperator\u00a0\u00bb icon_type=\u00a0\u00bbselector\u00a0\u00bb icon=\u00a0\u00bbfas fa-chart-line\u00a0\u00bb icon_size=\u00a0\u00bb50&Prime; icon_color=\u00a0\u00bb#ffffff\u00a0\u00bb icon_style=\u00a0\u00bbcircle\u00a0\u00bb icon_color_bg=\u00a0\u00bb#bc549c\u00a0\u00bb css=\u00a0\u00bb.vc_custom_1589208995146{margin-bottom: 0px !important;padding-bottom: 50px !important;background-color: #e4c0cd !important;}\u00a0\u00bb el_class=\u00a0\u00bbligne-ca-global\u00a0\u00bb][vc_column][vc_column_text css=\u00a0\u00bb.vc_custom_1591785307316{margin-top: 70px !important;padding-bottom: 20px !important;}\u00a0\u00bb el_class=\u00a0\u00bbligne-ca\u00a0\u00bb]Notre mission : <strong>vous faire conna\u00eetre et optimiser votre chiffre d\u2019affaires<\/strong>.<br \/>\nNous sommes <strong>la valeur ajout\u00e9e, l\u2019acc\u00e9l\u00e9rateur de performances<\/strong><br \/>\nqui apportent le r\u00e9seau et les connaissances, pour vous faire gagner du temps, faciliter votre quotidien, <strong>concr\u00e9tiser rapidement des r\u00e9sultats<\/strong>.[\/vc_column_text][\/vc_column][\/vc_row][vc_row full_width=\u00a0\u00bbstretch_row_content_no_spaces\u00a0\u00bb equal_height=\u00a0\u00bbyes\u00a0\u00bb bg_type=\u00a0\u00bbbg_color\u00a0\u00bb seperator_enable=\u00a0\u00bbseperator_enable_value\u00a0\u00bb seperator_type=\u00a0\u00bbcircle_svg_seperator\u00a0\u00bb seperator_shape_background=\u00a0\u00bb#e4c0cd\u00a0\u00bb icon_type=\u00a0\u00bbselector\u00a0\u00bb icon=\u00a0\u00bbicomoon-the7-font-the7-mail-01&Prime; icon_style=\u00a0\u00bbcircle\u00a0\u00bb icon_color_bg=\u00a0\u00bb#a53a4a\u00a0\u00bb el_class=\u00a0\u00bbligne-personnel-global\u00a0\u00bb][vc_column width=\u00a0\u00bb2\/3&Prime; el_class=\u00a0\u00bbbloc-gauche-couleur\u00a0\u00bb][vc_column_text el_class=\u00a0\u00bbbloc-collaborateur\u00a0\u00bb]<\/p>\n<p style=\"text-align: center; font-size: 19px; color: #ffffff;\">Situ\u00e9e aux portes de Paris, nos 7 collaborateurs couvrent les march\u00e9s France, Belgique Suisse et Allemagne.<\/p>\n<p class=\"personnel\"><i class=\"fas fa-users\"><\/i>4 commerciales<br \/>\n<i class=\"fas fa-user\"><\/i>1 collaborateur designer<br \/>\n<i class=\"fas fa-user\"><\/i>1 collaborateur webmaster<br \/>\n<i class=\"fas fa-user\"><\/i>1 coordinateur<\/p>\n<p class=\"personnel-ligne2\"><i class=\"fas fa-users\"><\/i>2 sont en charge des logos, charte graphique, \u00a0sites internet et cr\u00e9ation de brochures.<br \/>\n<i class=\"fas fa-users\"><\/i>4 personnes sont sur le terrain en permanence sur les 4 march\u00e9s.<\/p>\n<p>[\/vc_column_text][\/vc_column][vc_column width=\u00a0\u00bb1\/3&Prime; css=\u00a0\u00bb.vc_custom_1589893991269{background-image: url(https:\/\/dev.sme-groupe.com\/wp-content\/uploads\/2020\/05\/parasol-a-propos.jpg?id=347) !important;background-position: center !important;background-repeat: no-repeat !important;background-size: cover !important;}\u00a0\u00bb][\/vc_column][\/vc_row]<\/p>\n","protected":false},"excerpt":{"rendered":"<p>[vc_row css=\u00a0\u00bb.vc_custom_1589018035432{margin-bottom: 50px !important;}\u00a0\u00bb el_class=\u00a0\u00bbligne-titre-propos\u00a0\u00bb][vc_column][dt_fancy_title title=\u00a0\u00bbQui sommes-nous ?\u00a0\u00bb title_size=\u00a0\u00bbh2&Prime; title_color=\u00a0\u00bbcustom\u00a0\u00bb separator_color=\u00a0\u00bbcustom\u00a0\u00bb custom_separator_color=\u00a0\u00bbrgba(188,83,142,0.38)\u00a0\u00bb custom_title_color=\u00a0\u00bb#676767&Prime;][\/vc_column][\/vc_row][vc_row][vc_column][vc_column_text el_class=\u00a0\u00bbintroduction-propos\u00a0\u00bb]SME est une agence sp\u00e9cialis\u00e9e dans la promotion et l\u2019accompagnement commercial de produits h\u00f4teliers et touristiques.[\/vc_column_text][vc_column_text el_class=\u00a0\u00bbcolonne-texte\u00a0\u00bb]Doroth\u00e9e Delavallade a cr\u00e9\u00e9 SME \u00e0 25 ans en 1997 : le tourisme est son domaine, l\u2019h\u00f4tellerie sa sp\u00e9cialit\u00e9. Lors de leurs diff\u00e9rentes missions elle et [&hellip;]<\/p>\n","protected":false},"author":1,"featured_media":0,"parent":0,"menu_order":0,"comment_status":"closed","ping_status":"closed","template":"","meta":{"footnotes":""},"class_list":["post-261","page","type-page","status-publish","hentry"],"_links":{"self":[{"href":"https:\/\/sme-groupe.com\/en\/wp-json\/wp\/v2\/pages\/261","targetHints":{"allow":["GET"]}}],"collection":[{"href":"https:\/\/sme-groupe.com\/en\/wp-json\/wp\/v2\/pages"}],"about":[{"href":"https:\/\/sme-groupe.com\/en\/wp-json\/wp\/v2\/types\/page"}],"author":[{"embeddable":true,"href":"https:\/\/sme-groupe.com\/en\/wp-json\/wp\/v2\/users\/1"}],"replies":[{"embeddable":true,"href":"https:\/\/sme-groupe.com\/en\/wp-json\/wp\/v2\/comments?post=261"}],"version-history":[{"count":54,"href":"https:\/\/sme-groupe.com\/en\/wp-json\/wp\/v2\/pages\/261\/revisions"}],"predecessor-version":[{"id":1256,"href":"https:\/\/sme-groupe.com\/en\/wp-json\/wp\/v2\/pages\/261\/revisions\/1256"}],"wp:attachment":[{"href":"https:\/\/sme-groupe.com\/en\/wp-json\/wp\/v2\/media?parent=261"}],"curies":[{"name":"wp","href":"https:\/\/api.w.org\/{rel}","templated":true}]}}